{"id":103,"date":"2023-09-22T19:00:00","date_gmt":"2023-09-22T17:00:00","guid":{"rendered":"http:\/\/fontdencarros.acceseo.com.es\/?page_id=103"},"modified":"2025-06-05T16:15:51","modified_gmt":"2025-06-05T14:15:51","slug":"votacio-de-les-propostes","status":"publish","type":"page","link":"https:\/\/participa.lafontdencarros.es\/ca\/votacio-de-les-propostes\/","title":{"rendered":"Votaci\u00f3 de les propostes"},"content":{"rendered":"\t\t<div data-elementor-type=\"wp-page\" data-elementor-id=\"103\" class=\"elementor elementor-103\" data-elementor-post-type=\"page\">\n\t\t\t\t\t\t<section data-dce-background-image-url=\"https:\/\/participa.lafontdencarros.es\/wp-content\/uploads\/2020\/09\/ilustracion-votacion-1.svg\" class=\"elementor-section elementor-top-section elementor-element elementor-element-462b6bb elementor-section-full_width elementor-section-height-default elementor-section-height-default\" data-id=\"462b6bb\" data-element_type=\"section\" data-e-type=\"section\" id=\"votationSection\" data-settings=\"{&quot;background_background&quot;:&quot;classic&quot;}\">\n\t\t\t\t\t\t\t<div class=\"elementor-background-overlay\"><\/div>\n\t\t\t\t\t\t\t<div class=\"elementor-container elementor-column-gap-wide\">\n\t\t\t\t\t<div class=\"elementor-column elementor-col-66 elementor-top-column elementor-element elementor-element-02a38c4\" data-id=\"02a38c4\" data-element_type=\"column\" data-e-type=\"column\">\n\t\t\t<div class=\"elementor-widget-wrap elementor-element-populated\">\n\t\t\t\t\t\t<div class=\"elementor-element elementor-element-afec649 elementor-hidden-phone elementor-widget elementor-widget-text-editor\" data-id=\"afec649\" data-element_type=\"widget\" data-e-type=\"widget\" data-widget_type=\"text-editor.default\">\n\t\t\t\t<div class=\"elementor-widget-container\">\n\t\t\t\t\t\t\t\t\t<p>Votaci\u00f3<br>de les propostes<\/p>\t\t\t\t\t\t\t\t<\/div>\n\t\t\t\t<\/div>\n\t\t\t\t<div class=\"elementor-element elementor-element-1ee9dea elementor-hidden-desktop elementor-hidden-tablet elementor-widget elementor-widget-text-editor\" data-id=\"1ee9dea\" data-element_type=\"widget\" data-e-type=\"widget\" data-widget_type=\"text-editor.default\">\n\t\t\t\t<div class=\"elementor-widget-container\">\n\t\t\t\t\t\t\t\t\tVotaci\u00f3<br>de les<br>\npropostes\t\t\t\t\t\t\t\t<\/div>\n\t\t\t\t<\/div>\n\t\t\t\t<div class=\"elementor-element elementor-element-9c6f473 elementor-hidden-desktop elementor-hidden-tablet elementor-icon-list--layout-traditional elementor-list-item-link-full_width elementor-widget elementor-widget-icon-list\" data-id=\"9c6f473\" data-element_type=\"widget\" data-e-type=\"widget\" data-widget_type=\"icon-list.default\">\n\t\t\t\t<div class=\"elementor-widget-container\">\n\t\t\t\t\t\t\t<ul class=\"elementor-icon-list-items\">\n\t\t\t\t\t\t\t<li class=\"elementor-icon-list-item\">\n\t\t\t\t\t\t\t\t\t\t\t<span class=\"elementor-icon-list-icon\">\n\t\t\t\t\t\t\t<i aria-hidden=\"true\" class=\"fas fa-info-circle\"><\/i>\t\t\t\t\t\t<\/span>\n\t\t\t\t\t\t\t\t\t\t<span class=\"elementor-icon-list-text\">Requisits:<\/span>\n\t\t\t\t\t\t\t\t\t<\/li>\n\t\t\t\t\t\t<\/ul>\n\t\t\t\t\t\t<\/div>\n\t\t\t\t<\/div>\n\t\t<!-- dce invisible element d9b5ee7 -->\t\t<section class=\"elementor-section elementor-inner-section elementor-element elementor-element-2915cd2 elementor-section-boxed elementor-section-height-default elementor-section-height-default\" data-id=\"2915cd2\" data-element_type=\"section\" data-e-type=\"section\" data-settings=\"{&quot;enabled_visibility&quot;:&quot;yes&quot;,&quot;dce_visibility_selected&quot;:&quot;yes&quot;}\">\n\t\t\t\t\t\t<div class=\"elementor-container elementor-column-gap-default\">\n\t\t\t\t\t<div class=\"elementor-column elementor-col-100 elementor-inner-column elementor-element elementor-element-e5cbff3\" data-id=\"e5cbff3\" data-element_type=\"column\" data-e-type=\"column\">\n\t\t\t<div class=\"elementor-widget-wrap elementor-element-populated\">\n\t\t\t\t\t\t<div class=\"elementor-element elementor-element-9213985 elementor-icon-list--layout-traditional elementor-list-item-link-full_width elementor-widget elementor-widget-icon-list\" data-id=\"9213985\" data-element_type=\"widget\" data-e-type=\"widget\" data-widget_type=\"icon-list.default\">\n\t\t\t\t<div class=\"elementor-widget-container\">\n\t\t\t\t\t\t\t<ul class=\"elementor-icon-list-items\">\n\t\t\t\t\t\t\t<li class=\"elementor-icon-list-item\">\n\t\t\t\t\t\t\t\t\t\t\t<span class=\"elementor-icon-list-icon\">\n\t\t\t\t\t\t\t<i aria-hidden=\"true\" class=\"far fa-calendar-plus\"><\/i>\t\t\t\t\t\t<\/span>\n\t\t\t\t\t\t\t\t\t\t<span class=\"elementor-icon-list-text\">Ha finalitzat el per\u00edode de votaci\u00f3.<\/span>\n\t\t\t\t\t\t\t\t\t<\/li>\n\t\t\t\t\t\t<\/ul>\n\t\t\t\t\t\t<\/div>\n\t\t\t\t<\/div>\n\t\t\t\t\t<\/div>\n\t\t<\/div>\n\t\t\t\t\t<\/div>\n\t\t<\/section>\n\t\t<!-- dce invisible element 6c82b8f -->\t\t\t<\/div>\n\t\t<\/div>\n\t\t\t\t<div class=\"elementor-column elementor-col-33 elementor-top-column elementor-element elementor-element-558d143 elementor-hidden-phone elementor-hidden-tablet\" data-id=\"558d143\" data-element_type=\"column\" data-e-type=\"column\">\n\t\t\t<div class=\"elementor-widget-wrap elementor-element-populated\">\n\t\t\t\t<!-- dce invisible element 4a0cfa3 -->\t\t\t<\/div>\n\t\t<\/div>\n\t\t\t\t\t<\/div>\n\t\t<\/section>\n\t\t\t\t<\/div>\n\t\t","protected":false},"excerpt":{"rendered":"<p>Votaci\u00f3de les propostes Votaci\u00f3de les propostes Requisits: Pr\u00f2ximament, s&#8217;habilitar\u00e0 el formulari per dur a terme les votacions. Ha finalitzat el per\u00edode de votaci\u00f3. Requisits: Ser major de 16 anys. Estar empadronat a La Font d\u2019en Carr\u00f2s. Tan sols es registra un vot per usuari\/data de naixement. Si intenta realitzar diverses votacions amb el mateix usuari, [&hellip;]<\/p>\n","protected":false},"author":1,"featured_media":0,"parent":0,"menu_order":0,"comment_status":"closed","ping_status":"closed","template":"elementor_header_footer","meta":{"_acf_changed":false,"footnotes":""},"class_list":["post-103","page","type-page","status-publish","hentry"],"acf":[],"yoast_head":"<!-- This site is optimized with the Yoast SEO plugin v27.2 - https:\/\/yoast.com\/product\/yoast-seo-wordpress\/ -->\n<title>Votaci\u00f3 de les propostes - Ajuntament Font d&#039;en Carr\u00f2s<\/title>\n<meta name=\"robots\" content=\"index, follow, max-snippet:-1, max-image-preview:large, max-video-preview:-1\" \/>\n<link rel=\"canonical\" href=\"https:\/\/participa.lafontdencarros.es\/ca\/votacio-de-les-propostes\/\" \/>\n<meta property=\"og:locale\" content=\"ca_ES\" \/>\n<meta property=\"og:type\" content=\"article\" \/>\n<meta property=\"og:title\" content=\"Votaci\u00f3 de les propostes - Ajuntament Font d&#039;en Carr\u00f2s\" \/>\n<meta property=\"og:description\" content=\"Votaci\u00f3de les propostes Votaci\u00f3de les propostes Requisits: Pr\u00f2ximament, s&#8217;habilitar\u00e0 el formulari per dur a terme les votacions. Ha finalitzat el per\u00edode de votaci\u00f3. Requisits: Ser major de 16 anys. Estar empadronat a La Font d\u2019en Carr\u00f2s. Tan sols es registra un vot per usuari\/data de naixement. Si intenta realitzar diverses votacions amb el mateix usuari, [&hellip;]\" \/>\n<meta property=\"og:url\" content=\"https:\/\/participa.lafontdencarros.es\/ca\/votacio-de-les-propostes\/\" \/>\n<meta property=\"og:site_name\" content=\"Ajuntament Font d&#039;en Carr\u00f2s\" \/>\n<meta property=\"article:modified_time\" content=\"2025-06-05T14:15:51+00:00\" \/>\n<meta name=\"twitter:card\" content=\"summary_large_image\" \/>\n<meta name=\"twitter:label1\" content=\"Temps estimat de lectura\" \/>\n\t<meta name=\"twitter:data1\" content=\"2 minuts\" \/>\n<script type=\"application\/ld+json\" class=\"yoast-schema-graph\">{\"@context\":\"https:\/\/schema.org\",\"@graph\":[{\"@type\":\"WebPage\",\"@id\":\"https:\/\/participa.lafontdencarros.es\/ca\/votacio-de-les-propostes\/\",\"url\":\"https:\/\/participa.lafontdencarros.es\/ca\/votacio-de-les-propostes\/\",\"name\":\"Votaci\u00f3 de les propostes - Ajuntament Font d&#039;en Carr\u00f2s\",\"isPartOf\":{\"@id\":\"\/#website\"},\"datePublished\":\"2023-09-22T17:00:00+00:00\",\"dateModified\":\"2025-06-05T14:15:51+00:00\",\"breadcrumb\":{\"@id\":\"https:\/\/participa.lafontdencarros.es\/ca\/votacio-de-les-propostes\/#breadcrumb\"},\"inLanguage\":\"ca\",\"potentialAction\":[{\"@type\":\"ReadAction\",\"target\":[\"https:\/\/participa.lafontdencarros.es\/ca\/votacio-de-les-propostes\/\"]}]},{\"@type\":\"BreadcrumbList\",\"@id\":\"https:\/\/participa.lafontdencarros.es\/ca\/votacio-de-les-propostes\/#breadcrumb\",\"itemListElement\":[{\"@type\":\"ListItem\",\"position\":1,\"name\":\"Portada\",\"item\":\"https:\/\/participa.lafontdencarros.es\/ca\/\"},{\"@type\":\"ListItem\",\"position\":2,\"name\":\"Votaci\u00f3 de les propostes\"}]},{\"@type\":\"WebSite\",\"@id\":\"\/#website\",\"url\":\"\/\",\"name\":\"Ajuntament Font d&#039;en Carr\u00f2s\",\"description\":\"Otro sitio realizado con WordPress\",\"publisher\":{\"@id\":\"\/#organization\"},\"potentialAction\":[{\"@type\":\"SearchAction\",\"target\":{\"@type\":\"EntryPoint\",\"urlTemplate\":\"\/?s={search_term_string}\"},\"query-input\":{\"@type\":\"PropertyValueSpecification\",\"valueRequired\":true,\"valueName\":\"search_term_string\"}}],\"inLanguage\":\"ca\"},{\"@type\":\"Organization\",\"@id\":\"\/#organization\",\"name\":\"Ajuntament Font d&#039;en Carr\u00f2s\",\"url\":\"\/\",\"logo\":{\"@type\":\"ImageObject\",\"inLanguage\":\"ca\",\"@id\":\"\/#\/schema\/logo\/image\/\",\"url\":\"https:\/\/participa.lafontdencarros.es\/wp-content\/uploads\/2022\/05\/logo_fontdencarros_participa-2022.jpg\",\"contentUrl\":\"https:\/\/participa.lafontdencarros.es\/wp-content\/uploads\/2022\/05\/logo_fontdencarros_participa-2022.jpg\",\"width\":232,\"height\":84,\"caption\":\"Ajuntament Font d&#039;en Carr\u00f2s\"},\"image\":{\"@id\":\"\/#\/schema\/logo\/image\/\"}}]}<\/script>\n<!-- \/ Yoast SEO plugin. -->","yoast_head_json":{"title":"Votaci\u00f3 de les propostes - Ajuntament Font d&#039;en Carr\u00f2s","robots":{"index":"index","follow":"follow","max-snippet":"max-snippet:-1","max-image-preview":"max-image-preview:large","max-video-preview":"max-video-preview:-1"},"canonical":"https:\/\/participa.lafontdencarros.es\/ca\/votacio-de-les-propostes\/","og_locale":"ca_ES","og_type":"article","og_title":"Votaci\u00f3 de les propostes - Ajuntament Font d&#039;en Carr\u00f2s","og_description":"Votaci\u00f3de les propostes Votaci\u00f3de les propostes Requisits: Pr\u00f2ximament, s&#8217;habilitar\u00e0 el formulari per dur a terme les votacions. Ha finalitzat el per\u00edode de votaci\u00f3. Requisits: Ser major de 16 anys. Estar empadronat a La Font d\u2019en Carr\u00f2s. Tan sols es registra un vot per usuari\/data de naixement. Si intenta realitzar diverses votacions amb el mateix usuari, [&hellip;]","og_url":"https:\/\/participa.lafontdencarros.es\/ca\/votacio-de-les-propostes\/","og_site_name":"Ajuntament Font d&#039;en Carr\u00f2s","article_modified_time":"2025-06-05T14:15:51+00:00","twitter_card":"summary_large_image","twitter_misc":{"Temps estimat de lectura":"2 minuts"},"schema":{"@context":"https:\/\/schema.org","@graph":[{"@type":"WebPage","@id":"https:\/\/participa.lafontdencarros.es\/ca\/votacio-de-les-propostes\/","url":"https:\/\/participa.lafontdencarros.es\/ca\/votacio-de-les-propostes\/","name":"Votaci\u00f3 de les propostes - Ajuntament Font d&#039;en Carr\u00f2s","isPartOf":{"@id":"\/#website"},"datePublished":"2023-09-22T17:00:00+00:00","dateModified":"2025-06-05T14:15:51+00:00","breadcrumb":{"@id":"https:\/\/participa.lafontdencarros.es\/ca\/votacio-de-les-propostes\/#breadcrumb"},"inLanguage":"ca","potentialAction":[{"@type":"ReadAction","target":["https:\/\/participa.lafontdencarros.es\/ca\/votacio-de-les-propostes\/"]}]},{"@type":"BreadcrumbList","@id":"https:\/\/participa.lafontdencarros.es\/ca\/votacio-de-les-propostes\/#breadcrumb","itemListElement":[{"@type":"ListItem","position":1,"name":"Portada","item":"https:\/\/participa.lafontdencarros.es\/ca\/"},{"@type":"ListItem","position":2,"name":"Votaci\u00f3 de les propostes"}]},{"@type":"WebSite","@id":"\/#website","url":"\/","name":"Ajuntament Font d&#039;en Carr\u00f2s","description":"Otro sitio realizado con WordPress","publisher":{"@id":"\/#organization"},"potentialAction":[{"@type":"SearchAction","target":{"@type":"EntryPoint","urlTemplate":"\/?s={search_term_string}"},"query-input":{"@type":"PropertyValueSpecification","valueRequired":true,"valueName":"search_term_string"}}],"inLanguage":"ca"},{"@type":"Organization","@id":"\/#organization","name":"Ajuntament Font d&#039;en Carr\u00f2s","url":"\/","logo":{"@type":"ImageObject","inLanguage":"ca","@id":"\/#\/schema\/logo\/image\/","url":"https:\/\/participa.lafontdencarros.es\/wp-content\/uploads\/2022\/05\/logo_fontdencarros_participa-2022.jpg","contentUrl":"https:\/\/participa.lafontdencarros.es\/wp-content\/uploads\/2022\/05\/logo_fontdencarros_participa-2022.jpg","width":232,"height":84,"caption":"Ajuntament Font d&#039;en Carr\u00f2s"},"image":{"@id":"\/#\/schema\/logo\/image\/"}}]}},"_links":{"self":[{"href":"https:\/\/participa.lafontdencarros.es\/ca\/wp-json\/wp\/v2\/pages\/103","targetHints":{"allow":["GET"]}}],"collection":[{"href":"https:\/\/participa.lafontdencarros.es\/ca\/wp-json\/wp\/v2\/pages"}],"about":[{"href":"https:\/\/participa.lafontdencarros.es\/ca\/wp-json\/wp\/v2\/types\/page"}],"author":[{"embeddable":true,"href":"https:\/\/participa.lafontdencarros.es\/ca\/wp-json\/wp\/v2\/users\/1"}],"replies":[{"embeddable":true,"href":"https:\/\/participa.lafontdencarros.es\/ca\/wp-json\/wp\/v2\/comments?post=103"}],"version-history":[{"count":164,"href":"https:\/\/participa.lafontdencarros.es\/ca\/wp-json\/wp\/v2\/pages\/103\/revisions"}],"predecessor-version":[{"id":2097,"href":"https:\/\/participa.lafontdencarros.es\/ca\/wp-json\/wp\/v2\/pages\/103\/revisions\/2097"}],"wp:attachment":[{"href":"https:\/\/participa.lafontdencarros.es\/ca\/wp-json\/wp\/v2\/media?parent=103"}],"curies":[{"name":"wp","href":"https:\/\/api.w.org\/{rel}","templated":true}]}}